{"id":268,"date":"2014-12-26T04:36:37","date_gmt":"2014-12-26T04:36:37","guid":{"rendered":"http:\/\/wpcharming.wpengine.com\/chicago\/?page_id=268"},"modified":"2024-06-27T15:43:36","modified_gmt":"2024-06-27T13:43:36","slug":"tarifs-services","status":"publish","type":"page","link":"https:\/\/www.villa-de-lolivier.com\/en\/tarifs-services\/","title":{"rendered":"Tarifs et Services"},"content":{"rendered":"<p>[vc_row][vc_column][vc_column_text]<\/p>\n<div class=\"container\" style=\"text-align: center;\">\n<h1 class=\"page-title\" style=\"text-align: center;\">Les chambres d&#8217;h\u00f4tes<\/h1>\n<p>de la Villa de l&#8217;Olivier, un s\u00e9jour unique en bord de mer !<\/p>\n<\/div>\n<p>[\/vc_column_text][\/vc_column][\/vc_row][vc_row padding_top=&#8221;0&#8243;][vc_column width=&#8221;1\/2&#8243;]<div class=\"restaurant-menu-item \"><div class=\"menu-text\"><div class=\"menu-title\"><span>Chambre Sabine<\/span><\/div><div class=\"menu-desc-wrap\"><div class=\"menu-desc\"><span>Douche, WC, TV, R\u00e9frig\u00e9rateur et WIFI<\/span><\/div><div class=\"menu-price\">120 \u20ac<\/div><\/div><\/div><\/div><div class=\"restaurant-menu-item \"><div class=\"menu-text\"><div class=\"menu-title\"><span>Chambre G\u00e9raldine<\/span><\/div><div class=\"menu-desc-wrap\"><div class=\"menu-desc\"><span>Douche, WC, TV, R\u00e9frig\u00e9rateur et WIFI<\/span><\/div><div class=\"menu-price\">120 \u20ac<\/div><\/div><\/div><\/div><div class=\"restaurant-menu-item \"><div class=\"menu-text\"><div class=\"menu-title\"><span>Chambre Marco<\/span><\/div><div class=\"menu-desc-wrap\"><div class=\"menu-desc\"><span>Douche, WC, TV, R\u00e9frig\u00e9rateur et WIFI<\/span><\/div><div class=\"menu-price\">120 \u20ac<\/div><\/div><\/div><\/div>[\/vc_column][\/vc_row][vc_row][vc_column width=&#8221;1\/2&#8243;][vc_column_text]<strong>Taxe de s\u00e9jour : <\/strong>1,15 \u20ac<\/p>\n<p>La <strong>r\u00e9servation<\/strong> deviendra effective qu&#8217;apr\u00e8s r\u00e8glement d&#8217;un acompte de 25%.<\/p>\n<p><strong>Arriv\u00e9e : <\/strong>\u00e0 partir de 16 h (Pr\u00e9venir en cas de retard )<\/p>\n<p><strong>D\u00e9part :<\/strong> Maximum 11 h[\/vc_column_text][\/vc_column][vc_column width=&#8221;1\/2&#8243;][vc_single_image image=&#8221;1606&#8243; img_size=&#8221;medium&#8221; alignment=&#8221;center&#8221; style=&#8221;vc_box_rounded&#8221;][\/vc_column][\/vc_row][vc_row][vc_column width=&#8221;1\/2&#8243;][vc_single_image image=&#8221;2761&#8243; img_size=&#8221;full&#8221; alignment=&#8221;center&#8221; style=&#8221;vc_box_rounded&#8221; css_animation=&#8221;none&#8221;][\/vc_column][vc_column width=&#8221;1\/2&#8243;][vc_single_image image=&#8221;2762&#8243; img_size=&#8221;full&#8221; alignment=&#8221;center&#8221; style=&#8221;vc_box_rounded&#8221; css_animation=&#8221;none&#8221;][\/vc_column][\/vc_row][vc_row][vc_column width=&#8221;1\/4&#8243;][vc_single_image image=&#8221;2802&#8243; img_size=&#8221;large&#8221;][vc_column_text]<\/p>\n<h3><strong>Services<\/strong><\/h3>\n<ul>\n<li>Parkings<\/li>\n<li>WIFI, Biblioth\u00e8que et Salon TV<\/li>\n<li>Piscine et Baln\u00e9o<\/li>\n<li>Cuisine d&#8217;\u00e9t\u00e9 avec four \u00e0 Pizza, Plaque de cuisson et frigidaire<\/li>\n<li>Nous parlons Italien et Anglais<\/li>\n<li>Notre maison \u00e9tant non fumeur, merci de fumer \u00e0 l\u2019ext\u00e9rieur de l&#8217;habitation<\/li>\n<li>Pour nos amis les b\u00eates, merci de nous contacter au pr\u00e9alable pour conna\u00eetre nos conditions<\/li>\n<\/ul>\n<p>[\/vc_column_text][\/vc_column][vc_column width=&#8221;3\/4&#8243;][vc_column_text]<\/p>\n<h3><strong>Le Petit D\u00e9jeuner<\/strong><\/h3>\n<p>Amateurs de <strong>sucr\u00e9<\/strong>\u00a0(confiture, pain, brioche, tarte, g\u00e2teau, cr\u00eapes\u2026 comme de <strong>sal\u00e9<\/strong>\u00a0(charcuterie, \u0153ufs, fromage, l\u00e9gumes\u2026), chacun trouve son bonheur lors des <strong>petits d\u00e9jeuners<\/strong>\u00a0de la <strong>maison d\u2019h\u00f4tes de la Villa de l\u2019Olivier<\/strong>. Entre <strong>8h et 10h<\/strong>, il est servi soit dans le patio face \u00e0 la piscine, soit (sur simple demande) sur la terrasse individuelle correspondant \u00e0 chaque chambre. En cas de mauvais temps, il est pris dans la salle \u00e0 manger de la maison.[\/vc_column_text][vc_column_text]<\/p>\n<h3><strong>Table d&#8217;h\u00f4tes<br \/>\n<\/strong><\/h3>\n<p>De nombreux restaurants sont \u00e0 proximit\u00e9, mais \u00e0 votre demande nous pouvons proposer une table d&#8217;h\u00f4tes aux sp\u00e9cialit\u00e9s m\u00e9diterran\u00e9ennes et italiennes (soupe de poissons, pa\u00eblla, pizza, lasagnes, p\u00e2tes, brandade de morue, poissons, l\u00e9gumes, viandes grill\u00e9es\u2026). Le tout dans une ambiance bon enfant ! Nous servons les repas sous le patio o\u00f9 se trouve \u00e9galement une cuisine d\u2019\u00e9t\u00e9 \u00e9quip\u00e9e d\u2019un four \u00e0 pizza, d\u2019une plancha, d\u2019une plaque de cuisson et d\u2019un frigidaire. En cas de mauvais temps, la salle \u00e0 manger de la villa tiendra lieu de d\u00e9cor.[\/vc_column_text][vc_column_text]<\/p>\n<h3><strong>s\u00e9jours et week-ends \u00e0 th\u00e8me<br \/>\n<\/strong><\/h3>\n<p>Sur demande, nous pouvons vous r\u00e9server des activit\u00e9s<strong>\u00a0dispens\u00e9es par des professionnels\u00a0 <\/strong>si vous souhaitez<strong>\u00a0<\/strong>un<strong>\u00a0s\u00e9jour<\/strong>\u00a0ou un <strong>week-end\u00a0 <\/strong><strong>\u00e0 th\u00e8me<\/strong>\u00a0(randonn\u00e9es, golf, tennis, bateau sur le Canal du Midi, p\u00eache en mer, thalassoth\u00e9rapie, remise en forme\u2026).[\/vc_column_text][\/vc_column][\/vc_row]<\/p>\n","protected":false},"excerpt":{"rendered":"<p>[vc_row][vc_column][vc_column_text] Les chambres d&#8217;h\u00f4tes de la Villa de l&#8217;Olivier, un s\u00e9jour unique en bord de mer ! [\/vc_column_text][\/vc_column][\/vc_row][vc_row padding_top=&#8221;0&#8243;][vc_column width=&#8221;1\/2&#8243;][\/vc_column][\/vc_row][vc_row][vc_column width=&#8221;1\/2&#8243;][vc_column_text]Taxe de s\u00e9jour : 1,15 \u20ac La r\u00e9servation deviendra effective qu&#8217;apr\u00e8s r\u00e8glement d&#8217;un acompte de 25%. Arriv\u00e9e : \u00e0 partir de 16 h (Pr\u00e9venir en cas de retard ) D\u00e9part : Maximum 11 h[\/vc_column_text][\/vc_column][vc_column width=&#8221;1\/2&#8243;][vc_single_image [&hellip;]<\/p>\n","protected":false},"author":1,"featured_media":0,"parent":0,"menu_order":0,"comment_status":"closed","ping_status":"closed","template":"","meta":[],"yoast_head":"<!-- This site is optimized with the Yoast SEO plugin v17.7 - https:\/\/yoast.com\/wordpress\/plugins\/seo\/ -->\n<title>Tarifs et Services - Chambres d&#039;H\u00f4tes - La Villa de l&#039;Olivier<\/title>\n<meta name=\"description\" content=\"En plus de la situation privil\u00e9gi\u00e9e au bord de la mer, la maison d\u2019H\u00f4tes la Villa de l\u2019Olivier au Cap d\u2019Agde proposent \u00e9galement piscine, baln\u00e9oth\u00e9rapie et table d\u2019h\u00f4tes le tout accompagn\u00e9 de bonne humeur et de petits prix toute l&#039;ann\u00e9e !\" \/>\n<meta name=\"robots\" content=\"index, follow, max-snippet:-1, max-image-preview:large, max-video-preview:-1\" \/>\n<link rel=\"canonical\" href=\"https:\/\/www.villa-de-lolivier.com\/en\/tarifs-services\/\" \/>\n<meta property=\"og:locale\" content=\"en_US\" \/>\n<meta property=\"og:type\" content=\"article\" \/>\n<meta property=\"og:title\" content=\"Tarifs et Services - Chambres d&#039;H\u00f4tes - La Villa de l&#039;Olivier\" \/>\n<meta property=\"og:description\" content=\"En plus de la situation privil\u00e9gi\u00e9e au bord de la mer, la maison d\u2019H\u00f4tes la Villa de l\u2019Olivier au Cap d\u2019Agde proposent \u00e9galement piscine, baln\u00e9oth\u00e9rapie et table d\u2019h\u00f4tes le tout accompagn\u00e9 de bonne humeur et de petits prix toute l&#039;ann\u00e9e !\" \/>\n<meta property=\"og:url\" content=\"https:\/\/www.villa-de-lolivier.com\/en\/tarifs-services\/\" \/>\n<meta property=\"og:site_name\" content=\"La Villa de l&#039;Olivier\" \/>\n<meta property=\"article:modified_time\" content=\"2024-06-27T13:43:36+00:00\" \/>\n<meta name=\"twitter:card\" content=\"summary_large_image\" \/>\n<meta name=\"twitter:label1\" content=\"Est. reading time\" \/>\n\t<meta name=\"twitter:data1\" content=\"2 minutes\" \/>\n<script type=\"application\/ld+json\" class=\"yoast-schema-graph\">{\"@context\":\"https:\/\/schema.org\",\"@graph\":[{\"@type\":\"WebSite\",\"@id\":\"https:\/\/www.villa-de-lolivier.com\/#website\",\"url\":\"https:\/\/www.villa-de-lolivier.com\/\",\"name\":\"La Villa de l&#039;Olivier\",\"description\":\"Chambre d&#039;h\\u00f4tes sur le Cap d&#039;Agde\",\"potentialAction\":[{\"@type\":\"SearchAction\",\"target\":{\"@type\":\"EntryPoint\",\"urlTemplate\":\"https:\/\/www.villa-de-lolivier.com\/?s={search_term_string}\"},\"query-input\":\"required name=search_term_string\"}],\"inLanguage\":\"en-US\"},{\"@type\":\"WebPage\",\"@id\":\"https:\/\/www.villa-de-lolivier.com\/en\/tarifs-services\/#webpage\",\"url\":\"https:\/\/www.villa-de-lolivier.com\/en\/tarifs-services\/\",\"name\":\"Tarifs et Services - Chambres d'H\\u00f4tes - La Villa de l'Olivier\",\"isPartOf\":{\"@id\":\"https:\/\/www.villa-de-lolivier.com\/#website\"},\"datePublished\":\"2014-12-26T04:36:37+00:00\",\"dateModified\":\"2024-06-27T13:43:36+00:00\",\"description\":\"En plus de la situation privil\\u00e9gi\\u00e9e au bord de la mer, la maison d\\u2019H\\u00f4tes la Villa de l\\u2019Olivier au Cap d\\u2019Agde proposent \\u00e9galement piscine, baln\\u00e9oth\\u00e9rapie et table d\\u2019h\\u00f4tes le tout accompagn\\u00e9 de bonne humeur et de petits prix toute l'ann\\u00e9e !\",\"breadcrumb\":{\"@id\":\"https:\/\/www.villa-de-lolivier.com\/en\/tarifs-services\/#breadcrumb\"},\"inLanguage\":\"en-US\",\"potentialAction\":[{\"@type\":\"ReadAction\",\"target\":[\"https:\/\/www.villa-de-lolivier.com\/en\/tarifs-services\/\"]}]},{\"@type\":\"BreadcrumbList\",\"@id\":\"https:\/\/www.villa-de-lolivier.com\/en\/tarifs-services\/#breadcrumb\",\"itemListElement\":[{\"@type\":\"ListItem\",\"position\":1,\"name\":\"Accueil\",\"item\":\"https:\/\/www.villa-de-lolivier.com\/en\/\"},{\"@type\":\"ListItem\",\"position\":2,\"name\":\"Tarifs et Services\"}]}]}<\/script>\n<!-- \/ Yoast SEO plugin. -->","yoast_head_json":{"title":"Tarifs et Services - Chambres d'H\u00f4tes - La Villa de l'Olivier","description":"En plus de la situation privil\u00e9gi\u00e9e au bord de la mer, la maison d\u2019H\u00f4tes la Villa de l\u2019Olivier au Cap d\u2019Agde proposent \u00e9galement piscine, baln\u00e9oth\u00e9rapie et table d\u2019h\u00f4tes le tout accompagn\u00e9 de bonne humeur et de petits prix toute l'ann\u00e9e !","robots":{"index":"index","follow":"follow","max-snippet":"max-snippet:-1","max-image-preview":"max-image-preview:large","max-video-preview":"max-video-preview:-1"},"canonical":"https:\/\/www.villa-de-lolivier.com\/en\/tarifs-services\/","og_locale":"en_US","og_type":"article","og_title":"Tarifs et Services - Chambres d'H\u00f4tes - La Villa de l'Olivier","og_description":"En plus de la situation privil\u00e9gi\u00e9e au bord de la mer, la maison d\u2019H\u00f4tes la Villa de l\u2019Olivier au Cap d\u2019Agde proposent \u00e9galement piscine, baln\u00e9oth\u00e9rapie et table d\u2019h\u00f4tes le tout accompagn\u00e9 de bonne humeur et de petits prix toute l'ann\u00e9e !","og_url":"https:\/\/www.villa-de-lolivier.com\/en\/tarifs-services\/","og_site_name":"La Villa de l&#039;Olivier","article_modified_time":"2024-06-27T13:43:36+00:00","twitter_card":"summary_large_image","twitter_misc":{"Est. reading time":"2 minutes"},"schema":{"@context":"https:\/\/schema.org","@graph":[{"@type":"WebSite","@id":"https:\/\/www.villa-de-lolivier.com\/#website","url":"https:\/\/www.villa-de-lolivier.com\/","name":"La Villa de l&#039;Olivier","description":"Chambre d&#039;h\u00f4tes sur le Cap d&#039;Agde","potentialAction":[{"@type":"SearchAction","target":{"@type":"EntryPoint","urlTemplate":"https:\/\/www.villa-de-lolivier.com\/?s={search_term_string}"},"query-input":"required name=search_term_string"}],"inLanguage":"en-US"},{"@type":"WebPage","@id":"https:\/\/www.villa-de-lolivier.com\/en\/tarifs-services\/#webpage","url":"https:\/\/www.villa-de-lolivier.com\/en\/tarifs-services\/","name":"Tarifs et Services - Chambres d'H\u00f4tes - La Villa de l'Olivier","isPartOf":{"@id":"https:\/\/www.villa-de-lolivier.com\/#website"},"datePublished":"2014-12-26T04:36:37+00:00","dateModified":"2024-06-27T13:43:36+00:00","description":"En plus de la situation privil\u00e9gi\u00e9e au bord de la mer, la maison d\u2019H\u00f4tes la Villa de l\u2019Olivier au Cap d\u2019Agde proposent \u00e9galement piscine, baln\u00e9oth\u00e9rapie et table d\u2019h\u00f4tes le tout accompagn\u00e9 de bonne humeur et de petits prix toute l'ann\u00e9e !","breadcrumb":{"@id":"https:\/\/www.villa-de-lolivier.com\/en\/tarifs-services\/#breadcrumb"},"inLanguage":"en-US","potentialAction":[{"@type":"ReadAction","target":["https:\/\/www.villa-de-lolivier.com\/en\/tarifs-services\/"]}]},{"@type":"BreadcrumbList","@id":"https:\/\/www.villa-de-lolivier.com\/en\/tarifs-services\/#breadcrumb","itemListElement":[{"@type":"ListItem","position":1,"name":"Accueil","item":"https:\/\/www.villa-de-lolivier.com\/en\/"},{"@type":"ListItem","position":2,"name":"Tarifs et Services"}]}]}},"_links":{"self":[{"href":"https:\/\/www.villa-de-lolivier.com\/en\/wp-json\/wp\/v2\/pages\/268"}],"collection":[{"href":"https:\/\/www.villa-de-lolivier.com\/en\/wp-json\/wp\/v2\/pages"}],"about":[{"href":"https:\/\/www.villa-de-lolivier.com\/en\/wp-json\/wp\/v2\/types\/page"}],"author":[{"embeddable":true,"href":"https:\/\/www.villa-de-lolivier.com\/en\/wp-json\/wp\/v2\/users\/1"}],"replies":[{"embeddable":true,"href":"https:\/\/www.villa-de-lolivier.com\/en\/wp-json\/wp\/v2\/comments?post=268"}],"version-history":[{"count":35,"href":"https:\/\/www.villa-de-lolivier.com\/en\/wp-json\/wp\/v2\/pages\/268\/revisions"}],"predecessor-version":[{"id":6034,"href":"https:\/\/www.villa-de-lolivier.com\/en\/wp-json\/wp\/v2\/pages\/268\/revisions\/6034"}],"wp:attachment":[{"href":"https:\/\/www.villa-de-lolivier.com\/en\/wp-json\/wp\/v2\/media?parent=268"}],"curies":[{"name":"wp","href":"https:\/\/api.w.org\/{rel}","templated":true}]}}